{"id":9021,"date":"2025-06-13T15:23:26","date_gmt":"2025-06-13T15:23:26","guid":{"rendered":"https:\/\/unasenorafiesta.org\/?page_id=9021"},"modified":"2025-06-13T16:26:47","modified_gmt":"2025-06-13T16:26:47","slug":"programacion-usf25","status":"publish","type":"page","link":"https:\/\/unasenorafiesta.org\/es\/programacion-usf25\/","title":{"rendered":"Programaci\u00f3n"},"content":{"rendered":"<p>[vc_section css=&#8221;.vc_custom_1749832003781{margin-top: -185px !important;padding-top: 5px !important;}&#8221;][vc_row equal_height=&#8221;yes&#8221; css=&#8221;.vc_custom_1749828256283{margin-top: 120px !important;}&#8221;][vc_column width=&#8221;1\/3&#8243;][vc_single_image image=&#8221;8951&#8243; img_size=&#8221;full&#8221; alignment=&#8221;center&#8221;][vc_single_image image=&#8221;8953&#8243; img_size=&#8221;medium&#8221; alignment=&#8221;center&#8221;][\/vc_column][vc_column width=&#8221;2\/3&#8243;][vc_column_text]<\/p>\n<div dir=\"auto\">\n<section class=\"elementor-section elementor-top-section elementor-element elementor-element-b5e09d5 elementor-section-boxed elementor-section-height-default elementor-section-height-default qodef-elementor-content-no\" data-id=\"b5e09d5\" data-element_type=\"section\">\n<div class=\"elementor-container elementor-column-gap-default\">\n<div class=\"elementor-column elementor-col-100 elementor-top-column elementor-element elementor-element-bc161e6\" data-id=\"bc161e6\" data-element_type=\"column\">\n<div class=\"elementor-widget-wrap elementor-element-populated\">\n<div class=\"elementor-element elementor-element-41a337d elementor-widget elementor-widget-heading\" data-id=\"41a337d\" data-element_type=\"widget\" data-widget_type=\"heading.default\">\n<div class=\"elementor-widget-container\">\n<div class=\"elementor-element elementor-element-41a337d elementor-widget elementor-widget-heading\" data-id=\"41a337d\" data-element_type=\"widget\" data-widget_type=\"heading.default\">\n<div class=\"elementor-widget-container\">\n<p><span style=\"color: #f23a2c;\"><strong><span style=\"font-size: 30px;\"><span style=\"color: #00bfff;\">Viernes 25 \u2013 Filand\u00f3n<\/span><br \/>\n<\/span><\/strong><\/span><strong><span style=\"font-size: 22px;\">Encuentro de narraci\u00f3n oral en Vegarriondaa<br \/>\n<\/span><\/strong><span style=\"font-size: 14px;\"><strong>\ud83d\udccd La Meredal (donde Maribel), Vegarrionda \/ \ud83c\udfad Gratuito \u2013 Para todos los p\u00fablicos \/ \ud83d\udd57 Hora: 20:00 h<\/strong><\/span><\/p>\n<p><span style=\"font-weight: 400;\">El viernes 25 tendremos una noche muy especial e \u00edntima, en la que nos reuniremos para escuchar cuentos, historias y cantares alrededor del fuego, evocando la magia de esas reuniones que llegan a ser tan importantes que tienen su propio nombre: Filand\u00f3n.<\/span><\/p>\n<p><span style=\"font-weight: 400;\">Escucharemos los cantares de <\/span><a href=\"https:\/\/www.facebook.com\/cafe.galletines.y.cuentinos\/?locale=es_ES\"><span style=\"font-weight: 400;\">Caf\u00e9, Galletines y Cuentinos<\/span><\/a><span style=\"font-weight: 400;\">, el proyecto de las mujeres de Are\u00f1es con <\/span><a href=\"https:\/\/www.facebook.com\/RiuFontoria\/?locale=es_ES\"><span style=\"font-weight: 400;\">Riu Fontoria<\/span><\/a><span style=\"font-weight: 400;\">, del que estamos namoradas. Tambi\u00e9n estar\u00e1n con nosotras <\/span><a href=\"https:\/\/es.wikipedia.org\/wiki\/Xos%C3%A9_Ant%C3%B3n_Fern%C3%A1ndez\"><span style=\"font-weight: 400;\">Amb\u00e1s<\/span><\/a><span style=\"font-weight: 400;\"> y<\/span><a href=\"https:\/\/jaleovalencia.es\/es\/ponentes\/guti\/\"><span style=\"font-weight: 400;\"> Jose Luis Guti\u00e9rrez <\/span><\/a><span style=\"font-weight: 400;\">(Guti), para completar esta noche dedicada a la narraci\u00f3n oral.<br \/>\n<\/span><\/p>\n<p><span style=\"font-weight: 400;\">\u00a1Quien quiera venir a compartir tambi\u00e9n ser\u00e1 muy bienvenido!<\/span><\/p>\n<\/div>\n<\/div>\n<\/div>\n<\/div>\n<\/div>\n<\/div>\n<\/div>\n<\/section>\n<\/div>\n<p>[\/vc_column_text][vc_column_text]<span style=\"color: #f23a2c;\"><strong><span style=\"font-size: 30px;\">S\u00e1bado 26 \u2013 Aires!<br \/>\n<\/span><\/strong><\/span><strong><span style=\"font-size: 22px;\">Conciertos en La Ben\u00e9fica<br \/>\n<span style=\"font-size: 14px;\">\ud83d\udccd La Ben\u00e9fica de Pilo\u00f1a, L&#8217;Infiestu <\/span><br \/>\n<\/span><\/strong><\/p>\n<p><strong><span style=\"font-size: 22px;\"><span style=\"color: #f23a2c;\">12:00h &#8211; Los Titiriteros de Bin\u00e9far<\/span><br \/>\n<\/span><\/strong><span style=\"font-size: 14px;\"><strong> \ud83c\udfad Gratuito \u2013 Para todos los p\u00fablicos \/ \ud83d\udd57 Apertura de puertas: 11:30 h<\/strong><\/span><\/p>\n<p><span style=\"font-weight: 400;\">Por la ma\u00f1ana los <\/span><a href=\"https:\/\/www.titiriteros.com\/es\/index.html\"><span style=\"font-weight: 400;\">Titiriteros de Bin\u00e9far <\/span><\/a><span style=\"font-weight: 400;\">van a presentarnos la obra:<\/span> <a href=\"https:\/\/www.titiriteros.com\/es\/el-abrazo-e25.html\"><i><span style=\"font-weight: 400;\">El Abrazo<\/span><\/i><\/a><i><span style=\"font-weight: 400;\">, <\/span><\/i><span style=\"font-weight: 400;\">un concierto con t\u00edteres y m\u00fasica en vivo para todos los p\u00fablicos. <\/span> <span style=\"font-weight: 400;\">Esta compa\u00f1\u00eda lleva m\u00e1s de 40 a\u00f1os recorriendo el mundo con sus marionetas, haciendo t\u00edteres y m\u00fasica por las calles, plazas y teatros. Premiados en numerosas ocasiones, hacen un teatro para todos: para los ni\u00f1os y ni\u00f1as, tratados como personas sensibles e inteligentes, y para los adultos que a\u00fan conservan un rinc\u00f3n para la ternura y para el ritual del escenario. <\/span><\/p>\n<p><i><span style=\"font-weight: 400;\">El Abrazo<\/span><\/i><span style=\"font-weight: 400;\"> nos invita a disfrutar de t\u00edteres populares, melod\u00edas tradicionales y unos titiriteros que nos proponen que jugar y cantar juntos es amar la vida: una buena forma de defender la cultura. Una Se\u00f1ora Fiesta es un festival para todos, y esta propuesta est\u00e1 especialmente pensada para el disfrute de las y los m\u00e1s peque\u00f1os, las familias, y tambi\u00e9n para todas las personas que disfruten de un buen espect\u00e1culo de este tipo. <\/span><\/p>\n<p><span style=\"font-weight: 400;\">Va ser tambi\u00e9n gratuito y a las 12:00 puntuales vamos a empezar, as\u00ed que para las 11:30 abrimos puertas. <\/span>[\/vc_column_text][vc_column_text]<strong><span style=\"font-size: 22px;\"><span style=\"color: #f23a2c;\">21:00h &#8211; Ferla Meg\u00eda \/ Cocanha \/ Gregotechno<\/span><br \/>\n<\/span><\/strong><span style=\"font-size: 14px;\"><strong>\ud83c\udf9f\ufe0f Entrada: 18 \u20ac general (15 \u20ac amigues) \/ \ud83d\udd57 Apertura de puertas: 20:30 h<\/strong><\/span><\/p>\n<p><span style=\"font-weight: 400;\">La noche del s\u00e1bado la dedicaremos a explorar tres proyectos musicales sin miedo a innovar y con much\u00edsimo talento. Ser\u00e1n conciertos a partir de las 21:00 h (puertas a las 20:30 h), con entrada de pago que nos ayudar\u00e1 a cofinanciar esta edici\u00f3n de Una Se\u00f1ora Fiesta. <\/span><\/p>\n<p><span style=\"font-weight: 400;\">Tendremos la suerte de contar con una de las j\u00f3venes promesas m\u00e1s interesantes de la escena asturiana actual:<\/span> <a href=\"https:\/\/www.instagram.com\/ferlame\/\"><span style=\"font-weight: 400;\">Ferla Meg\u00eda<\/span><\/a><span style=\"font-weight: 400;\">. Desde su casa compone, graba y produce su m\u00fasica, que fusiona estilos como el R&amp;B, la m\u00fasica tradicional, urbana, flamenco o electr\u00f3nica. <\/span><span style=\"font-weight: 400;\">Licenciado en dise\u00f1o gr\u00e1fico, tambi\u00e9n crea toda la imagen visual del proyecto.<\/span><\/p>\n<p><span style=\"font-weight: 400;\">El grupo<\/span><a href=\"https:\/\/cocanha.net\"><span style=\"font-weight: 400;\"> Cocanha <\/span><\/a><span style=\"font-weight: 400;\">es una <\/span><i><span style=\"font-weight: 400;\">girlsband<\/span><\/i><span style=\"font-weight: 400;\"> occitana, que llega a Pilo\u00f1a para hacernos bailar con una propuesta llena de humor y car\u00e1cter. Son tres voces femeninas que, con Toulouse como punto de encuentro y el occitano como terreno de juego vocal, dan vida a repertorios pirenaicos, gascones y languedocianos, acompa\u00f1adas de tambores de cuerdas y percusiones corporales. <\/span><\/p>\n<p><span style=\"font-weight: 400;\">Tambi\u00e9n nos acompa\u00f1ar\u00e1n desde Catalu\u00f1a <\/span><a href=\"https:\/\/gregotechno.com\"><span style=\"font-weight: 400;\">Gregotechno<\/span><\/a><span style=\"font-weight: 400;\">, un proyecto que mezcla canto gregoriano con m\u00fasica electr\u00f3nica en un espect\u00e1culo hipn\u00f3tico e inmersivo, en el que la m\u00fasica interact\u00faa con im\u00e1genes de videoarte microc\u00f3smico. Su propuesta enreda la recuperaci\u00f3n del repertorio gregoriano con la ciencia, mostrando seres microsc\u00f3picos en sus visuales, que nos llevar\u00e1n a trascender desde lo m\u00e1s peque\u00f1o a lo m\u00e1s grande<\/span><\/p>\n<p><span style=\"font-weight: 400;\">Tenemos muchas ganas de disfrutar de estas propuestas, \u00a1no te quedes sin tu entrada!<\/span><\/p>\n<p><span style=\"font-weight: 400;\">El precio por entrada es de 15\u20ac para Amigues con Derecho de La Ben\u00e9fica y 18\u20ac pal p\u00fablico general.<\/span><\/p>\n<p><span style=\"font-weight: 400;\">Las entradas se pondr\u00e1n a la venta el 20 de junio a las 9:00 h, tambi\u00e9n habr\u00e1 algunas disponibles f\u00edsicamente en nuestra oficina de la Calle del Queso, 11, en L\u2019Infiestu (Pilo\u00f1a).<\/span><\/p>\n<p><span style=\"font-weight: 400;\">\ud83d\udd50 Horario de taquilla en oficina: lunes a viernes de 12:00 a 17:00 h.<\/span>[\/vc_column_text][vc_btn title=&#8221;ENTRADAS&#8221; style=&#8221;flat&#8221; shape=&#8221;square&#8221; color=&#8221;black&#8221; size=&#8221;lg&#8221; align=&#8221;left&#8221; i_icon_fontawesome=&#8221;fas fa-ticket-alt&#8221; button_block=&#8221;true&#8221; add_icon=&#8221;true&#8221; link=&#8221;url:%23|&#8221;][vc_column_text]<\/p>\n<div dir=\"auto\">\n<section class=\"elementor-section elementor-top-section elementor-element elementor-element-b5e09d5 elementor-section-boxed elementor-section-height-default elementor-section-height-default qodef-elementor-content-no\" data-id=\"b5e09d5\" data-element_type=\"section\">\n<div class=\"elementor-container elementor-column-gap-default\">\n<div class=\"elementor-column elementor-col-100 elementor-top-column elementor-element elementor-element-bc161e6\" data-id=\"bc161e6\" data-element_type=\"column\">\n<div class=\"elementor-widget-wrap elementor-element-populated\">\n<div class=\"elementor-element elementor-element-41a337d elementor-widget elementor-widget-heading\" data-id=\"41a337d\" data-element_type=\"widget\" data-widget_type=\"heading.default\">\n<div class=\"elementor-widget-container\">\n<div class=\"elementor-element elementor-element-41a337d elementor-widget elementor-widget-heading\" data-id=\"41a337d\" data-element_type=\"widget\" data-widget_type=\"heading.default\">\n<div class=\"elementor-widget-container\">\n<p><span style=\"color: #00bfff;\"><strong><span style=\"font-size: 30px;\">Domingo 27 \u2013 Romer\u00eda<br \/>\n<\/span><\/strong><\/span><strong><span style=\"font-size: 22px;\">Folixa en Vegarrionda<br \/>\n<\/span><\/strong><span style=\"font-size: 14px;\"><strong>\ud83d\udccd La Bilortera, Vegarrionda \/ \ud83c\udfad Gratuito \u2013 Para todos los los p\u00fablicos \/ \ud83d\udd57 Hora: 12:00 h<\/strong><\/span><\/p>\n<p><span style=\"font-weight: 400;\">El domingo seguiremos disfrutando, cerrando Una Se\u00f1ora Fiesta como merecemos: con una ROMER\u00cdA en la pradera de La Bilortera, Vegarrionda. Os invitamos un a\u00f1o m\u00e1s a disfrutar de una fiesta de prao, un espacio libre para gozar juntos, sin m\u00fasica amplificada, con concursos, juegos, baile y sorpresas que solo pueden ocurrir en Una Se\u00f1ora Fiesta. Como siempre, la romer\u00eda es gratuita, trae a tus amigas y ganas de pasarlo como nunca.<\/span><\/p>\n<\/div>\n<\/div>\n<\/div>\n<\/div>\n<\/div>\n<\/div>\n<\/div>\n<\/section>\n<\/div>\n<p>[\/vc_column_text][\/vc_column][\/vc_row][\/vc_section]<\/p>\n","protected":false},"excerpt":{"rendered":"<p>[vc_section css=&#8221;.vc_custom_1749832003781{margin-top: -185px !important;padding-top: 5px !important;}&#8221;][vc_row equal_height=&#8221;yes&#8221; css=&#8221;.vc_custom_1749828256283{margin-top: 120px !important;}&#8221;][vc_column width=&#8221;1\/3&#8243;][vc_single_image image=&#8221;8951&#8243; img_size=&#8221;full&#8221; alignment=&#8221;center&#8221;][vc_single_image image=&#8221;8953&#8243; img_size=&#8221;medium&#8221; alignment=&#8221;center&#8221;][\/vc_column][vc_column width=&#8221;2\/3&#8243;][vc_column_text] Viernes 25 \u2013 Filand\u00f3n Encuentro de narraci\u00f3n oral en Vegarriondaa \ud83d\udccd La Meredal (donde Maribel), Vegarrionda \/ \ud83c\udfad Gratuito \u2013 Para todos los p\u00fablicos \/ \ud83d\udd57 Hora: 20:00 h El viernes 25 tendremos una noche muy especial [&hellip;]<\/p>\n","protected":false},"author":1,"featured_media":0,"parent":0,"menu_order":0,"comment_status":"closed","ping_status":"closed","template":"","meta":{"footnotes":""},"yoast_head":"<!-- This site is optimized with the Yoast SEO plugin v21.8 - https:\/\/yoast.com\/wordpress\/plugins\/seo\/ -->\n<title>Una Se\u00f1ora Fiesta | Programaci\u00f3n<\/title>\n<meta name=\"description\" content=\"Festival art\u00edstico en un entorno rural, Vegarrionda, Pilo\u00f1a (Asturies). Lugar de encuentro para las artes y las propuestas musicales.\" \/>\n<meta name=\"robots\" content=\"index, follow, max-snippet:-1, max-image-preview:large, max-video-preview:-1\" \/>\n<link rel=\"canonical\" href=\"https:\/\/unasenorafiesta.org\/es\/programacion-usf25\/\" \/>\n<meta property=\"og:locale\" content=\"es_ES\" \/>\n<meta property=\"og:type\" content=\"article\" \/>\n<meta property=\"og:title\" content=\"Una Se\u00f1ora Fiesta | Programaci\u00f3n\" \/>\n<meta property=\"og:description\" content=\"Festival art\u00edstico en un entorno rural, Vegarrionda, Pilo\u00f1a (Asturies). Lugar de encuentro para las artes y las propuestas musicales.\" \/>\n<meta property=\"og:url\" content=\"https:\/\/unasenorafiesta.org\/es\/programacion-usf25\/\" \/>\n<meta property=\"og:site_name\" content=\"Una Se\u00f1ora Fiesta\" \/>\n<meta property=\"article:modified_time\" content=\"2025-06-13T16:26:47+00:00\" \/>\n<meta property=\"og:image\" content=\"https:\/\/unasenorafiesta.org\/wp-content\/uploads\/2025\/06\/USF25-PORTADA.jpg\" \/>\n\t<meta property=\"og:image:width\" content=\"1500\" \/>\n\t<meta property=\"og:image:height\" content=\"555\" \/>\n\t<meta property=\"og:image:type\" content=\"image\/jpeg\" \/>\n<meta name=\"twitter:card\" content=\"summary_large_image\" \/>\n<meta name=\"twitter:label1\" content=\"Tiempo de lectura\" \/>\n\t<meta name=\"twitter:data1\" content=\"5 minutos\" \/>\n<script type=\"application\/ld+json\" class=\"yoast-schema-graph\">{\"@context\":\"https:\/\/schema.org\",\"@graph\":[{\"@type\":\"WebPage\",\"@id\":\"https:\/\/unasenorafiesta.org\/es\/programacion-usf25\/\",\"url\":\"https:\/\/unasenorafiesta.org\/es\/programacion-usf25\/\",\"name\":\"Una Se\u00f1ora Fiesta | Programaci\u00f3n\",\"isPartOf\":{\"@id\":\"https:\/\/unasenorafiesta.org\/es\/#website\"},\"datePublished\":\"2025-06-13T15:23:26+00:00\",\"dateModified\":\"2025-06-13T16:26:47+00:00\",\"description\":\"Festival art\u00edstico en un entorno rural, Vegarrionda, Pilo\u00f1a (Asturies). Lugar de encuentro para las artes y las propuestas musicales.\",\"breadcrumb\":{\"@id\":\"https:\/\/unasenorafiesta.org\/es\/programacion-usf25\/#breadcrumb\"},\"inLanguage\":\"es\",\"potentialAction\":[{\"@type\":\"ReadAction\",\"target\":[\"https:\/\/unasenorafiesta.org\/es\/programacion-usf25\/\"]}]},{\"@type\":\"BreadcrumbList\",\"@id\":\"https:\/\/unasenorafiesta.org\/es\/programacion-usf25\/#breadcrumb\",\"itemListElement\":[{\"@type\":\"ListItem\",\"position\":1,\"name\":\"Portada\",\"item\":\"https:\/\/unasenorafiesta.org\/es\/\"},{\"@type\":\"ListItem\",\"position\":2,\"name\":\"Programaci\u00f3n\"}]},{\"@type\":\"WebSite\",\"@id\":\"https:\/\/unasenorafiesta.org\/es\/#website\",\"url\":\"https:\/\/unasenorafiesta.org\/es\/\",\"name\":\"Una Se\u00f1ora Fiesta\",\"description\":\"Festival art\u00edstico en un entorno rural\",\"potentialAction\":[{\"@type\":\"SearchAction\",\"target\":{\"@type\":\"EntryPoint\",\"urlTemplate\":\"https:\/\/unasenorafiesta.org\/es\/?s={search_term_string}\"},\"query-input\":\"required name=search_term_string\"}],\"inLanguage\":\"es\"}]}<\/script>\n<!-- \/ Yoast SEO plugin. -->","yoast_head_json":{"title":"Una Se\u00f1ora Fiesta | Programaci\u00f3n","description":"Festival art\u00edstico en un entorno rural, Vegarrionda, Pilo\u00f1a (Asturies). Lugar de encuentro para las artes y las propuestas musicales.","robots":{"index":"index","follow":"follow","max-snippet":"max-snippet:-1","max-image-preview":"max-image-preview:large","max-video-preview":"max-video-preview:-1"},"canonical":"https:\/\/unasenorafiesta.org\/es\/programacion-usf25\/","og_locale":"es_ES","og_type":"article","og_title":"Una Se\u00f1ora Fiesta | Programaci\u00f3n","og_description":"Festival art\u00edstico en un entorno rural, Vegarrionda, Pilo\u00f1a (Asturies). Lugar de encuentro para las artes y las propuestas musicales.","og_url":"https:\/\/unasenorafiesta.org\/es\/programacion-usf25\/","og_site_name":"Una Se\u00f1ora Fiesta","article_modified_time":"2025-06-13T16:26:47+00:00","og_image":[{"width":1500,"height":555,"url":"https:\/\/unasenorafiesta.org\/wp-content\/uploads\/2025\/06\/USF25-PORTADA.jpg","type":"image\/jpeg"}],"twitter_card":"summary_large_image","twitter_misc":{"Tiempo de lectura":"5 minutos"},"schema":{"@context":"https:\/\/schema.org","@graph":[{"@type":"WebPage","@id":"https:\/\/unasenorafiesta.org\/es\/programacion-usf25\/","url":"https:\/\/unasenorafiesta.org\/es\/programacion-usf25\/","name":"Una Se\u00f1ora Fiesta | Programaci\u00f3n","isPartOf":{"@id":"https:\/\/unasenorafiesta.org\/es\/#website"},"datePublished":"2025-06-13T15:23:26+00:00","dateModified":"2025-06-13T16:26:47+00:00","description":"Festival art\u00edstico en un entorno rural, Vegarrionda, Pilo\u00f1a (Asturies). Lugar de encuentro para las artes y las propuestas musicales.","breadcrumb":{"@id":"https:\/\/unasenorafiesta.org\/es\/programacion-usf25\/#breadcrumb"},"inLanguage":"es","potentialAction":[{"@type":"ReadAction","target":["https:\/\/unasenorafiesta.org\/es\/programacion-usf25\/"]}]},{"@type":"BreadcrumbList","@id":"https:\/\/unasenorafiesta.org\/es\/programacion-usf25\/#breadcrumb","itemListElement":[{"@type":"ListItem","position":1,"name":"Portada","item":"https:\/\/unasenorafiesta.org\/es\/"},{"@type":"ListItem","position":2,"name":"Programaci\u00f3n"}]},{"@type":"WebSite","@id":"https:\/\/unasenorafiesta.org\/es\/#website","url":"https:\/\/unasenorafiesta.org\/es\/","name":"Una Se\u00f1ora Fiesta","description":"Festival art\u00edstico en un entorno rural","potentialAction":[{"@type":"SearchAction","target":{"@type":"EntryPoint","urlTemplate":"https:\/\/unasenorafiesta.org\/es\/?s={search_term_string}"},"query-input":"required name=search_term_string"}],"inLanguage":"es"}]}},"jetpack_sharing_enabled":true,"_links":{"self":[{"href":"https:\/\/unasenorafiesta.org\/es\/wp-json\/wp\/v2\/pages\/9021"}],"collection":[{"href":"https:\/\/unasenorafiesta.org\/es\/wp-json\/wp\/v2\/pages"}],"about":[{"href":"https:\/\/unasenorafiesta.org\/es\/wp-json\/wp\/v2\/types\/page"}],"author":[{"embeddable":true,"href":"https:\/\/unasenorafiesta.org\/es\/wp-json\/wp\/v2\/users\/1"}],"replies":[{"embeddable":true,"href":"https:\/\/unasenorafiesta.org\/es\/wp-json\/wp\/v2\/comments?post=9021"}],"version-history":[{"count":12,"href":"https:\/\/unasenorafiesta.org\/es\/wp-json\/wp\/v2\/pages\/9021\/revisions"}],"predecessor-version":[{"id":9071,"href":"https:\/\/unasenorafiesta.org\/es\/wp-json\/wp\/v2\/pages\/9021\/revisions\/9071"}],"wp:attachment":[{"href":"https:\/\/unasenorafiesta.org\/es\/wp-json\/wp\/v2\/media?parent=9021"}],"curies":[{"name":"wp","href":"https:\/\/api.w.org\/{rel}","templated":true}]}}