{"id":8964,"date":"2025-06-13T09:29:24","date_gmt":"2025-06-13T09:29:24","guid":{"rendered":"https:\/\/unasenorafiesta.org\/?page_id=8964"},"modified":"2025-06-13T16:51:51","modified_gmt":"2025-06-13T16:51:51","slug":"artistas-2","status":"publish","type":"page","link":"https:\/\/unasenorafiesta.org\/es\/artistas-2\/","title":{"rendered":"Artistas"},"content":{"rendered":"<p>[vc_section css=&#8221;.vc_custom_1677147314940{background-color: #000000 !important;}&#8221;][vc_row full_width=&#8221;stretch_row_content_no_spaces&#8221; css=&#8221;.vc_custom_1677147395521{margin-top: -50px !important;}&#8221;][vc_column width=&#8221;1\/3&#8243;][vc_single_image image=&#8221;8987&#8243; img_size=&#8221;full&#8221; onclick=&#8221;custom_link&#8221; link=&#8221;#ferla&#8221; css=&#8221;.vc_custom_1749809706280{margin-bottom: 0px !important;}&#8221;][\/vc_column][vc_column width=&#8221;1\/3&#8243;][vc_single_image image=&#8221;8985&#8243; img_size=&#8221;full&#8221; onclick=&#8221;custom_link&#8221; link=&#8221;#cocanha&#8221; css=&#8221;.vc_custom_1749809770125{margin-bottom: 0px !important;}&#8221;][\/vc_column][vc_column width=&#8221;1\/3&#8243;][vc_single_image image=&#8221;8989&#8243; img_size=&#8221;full&#8221; onclick=&#8221;custom_link&#8221; link=&#8221;#grego&#8221; css=&#8221;.vc_custom_1749809782419{margin-bottom: 0px !important;}&#8221;][\/vc_column][\/vc_row][\/vc_section][vc_section full_width=&#8221;stretch_row&#8221; css=&#8221;.vc_custom_1749807682678{margin-bottom: -52px !important;padding-top: 3em !important;padding-bottom: 0px !important;background-color: #000000 !important;}&#8221; el_id=&#8221;ferla&#8221;][vc_row equal_height=&#8221;yes&#8221; css=&#8221;.vc_custom_1650989156972{padding-bottom: 0em !important;background-position: center !important;background-repeat: no-repeat !important;background-size: cover !important;}&#8221;][vc_column width=&#8221;1\/3&#8243; css=&#8221;.vc_custom_1650966099569{padding-right: 35px !important;padding-left: 35px !important;}&#8221;][vc_column_text]<\/p>\n<h2 class=\"artistas\" style=\"text-align: right;\"><span style=\"color: #ffffff;\">Ferla<\/span><br \/>\n<span style=\"color: #ffffff;\">Meg\u00eda<\/span><\/h2>\n<p>[\/vc_column_text][\/vc_column][vc_column width=&#8221;2\/3&#8243; css=&#8221;.vc_custom_1650966138875{padding-right: 35px !important;padding-left: 35px !important;background-position: center !important;background-repeat: no-repeat !important;background-size: cover !important;}&#8221;][vc_column_text]<\/p>\n<h3><span style=\"color: #ffffff;\">26 DE JULIO<\/span><\/h3>\n<p>[\/vc_column_text][vc_column_text]<\/p>\n<p style=\"text-align: justify;\"><span style=\"color: #ffffff;\"><span style=\"font-weight: 400;\">Tendremos la suerte de contar con una de las j\u00f3venes promesas m\u00e1s interesantes de la escena asturiana actual: <\/span><a href=\"https:\/\/www.instagram.com\/ferlame\/\"><span style=\"font-weight: 400;\"><strong>Ferla Meg\u00eda<\/strong><\/span><\/a><span style=\"font-weight: 400;\">. Desde su casa compone, graba y produce su m\u00fasica, que fusiona estilos como el R&amp;B, la m\u00fasica tradicional, urbana, flamenco o electr\u00f3nica. <\/span><span style=\"font-weight: 400;\">Licenciado en dise\u00f1o gr\u00e1fico, tambi\u00e9n crea toda la imagen visual del proyecto.<\/span><\/span><\/p>\n<p>[\/vc_column_text][\/vc_column][\/vc_row][vc_row full_width=&#8221;stretch_row_content_no_spaces&#8221;][vc_column][vc_video link=&#8221;https:\/\/youtu.be\/ccc9JH9V5fs&#8221; align=&#8221;center&#8221;][\/vc_column][\/vc_row][\/vc_section][vc_section full_width=&#8221;stretch_row&#8221; css=&#8221;.vc_custom_1749807674444{margin-bottom: -52px !important;padding-top: 5em !important;padding-bottom: 0px !important;background-color: #00bfff !important;}&#8221; el_id=&#8221;cocanha&#8221;][vc_row equal_height=&#8221;yes&#8221; css=&#8221;.vc_custom_1650966228064{background-position: center !important;background-repeat: no-repeat !important;background-size: cover !important;}&#8221;][vc_column width=&#8221;1\/3&#8243; css=&#8221;.vc_custom_1651055694616{padding-right: 35px !important;padding-left: 35px !important;}&#8221;][vc_column_text]<\/p>\n<h2 class=\"artistas\" style=\"text-align: right;\">Cocanha<\/h2>\n<p>[\/vc_column_text][\/vc_column][vc_column width=&#8221;2\/3&#8243; css=&#8221;.vc_custom_1651055690879{padding-right: 35px !important;padding-left: 35px !important;background-position: center !important;background-repeat: no-repeat !important;background-size: cover !important;}&#8221;][vc_column_text]<\/p>\n<h3>26 DE JULIO<\/h3>\n<p>[\/vc_column_text][vc_column_text]<\/p>\n<p style=\"text-align: justify;\"><span style=\"font-weight: 400;\">El grupo <\/span><a href=\"https:\/\/cocanha.net\"><span style=\"font-weight: 400;\"><strong>Cocanha <\/strong><\/span><\/a><span style=\"font-weight: 400;\">es una<\/span><i><span style=\"font-weight: 400;\"> girlsband<\/span><\/i><span style=\"font-weight: 400;\"> occitana, que llega a Pilo\u00f1a para hacernos bailar con una propuesta llena de humor y car\u00e1cter. Son tres voces femeninas que, con Toulouse como punto de encuentro y el occitano como terreno de juego vocal, dan vida a repertorios pirenaicos, gascones y languedocianos, acompa\u00f1adas de tambores de cuerdas y percusiones corporales.<\/span><\/p>\n<p>[\/vc_column_text][\/vc_column][\/vc_row][vc_row full_width=&#8221;stretch_row_content_no_spaces&#8221; css=&#8221;.vc_custom_1650989368779{margin-bottom: -52px !important;}&#8221;][vc_column][vc_video link=&#8221;https:\/\/youtu.be\/CDzw1HpjYp0&#8243;][\/vc_column][\/vc_row][\/vc_section][vc_section full_width=&#8221;stretch_row&#8221; css=&#8221;.vc_custom_1749807665790{margin-bottom: -52px !important;border-bottom-width: 0px !important;padding-top: 5em !important;padding-bottom: 0px !important;background-color: #f23a2c !important;}&#8221; el_id=&#8221;grego&#8221;][vc_row equal_height=&#8221;yes&#8221; css=&#8221;.vc_custom_1650966261273{background-position: center !important;background-repeat: no-repeat !important;background-size: cover !important;}&#8221;][vc_column width=&#8221;1\/3&#8243; css=&#8221;.vc_custom_1650966266079{padding-right: 35px !important;padding-left: 35px !important;}&#8221;][vc_column_text]<\/p>\n<h2 class=\"artistas\" style=\"text-align: right;\"><span style=\"color: #ffffff;\">Grego-<\/span><br \/>\n<span style=\"color: #ffffff;\">techno<\/span><\/h2>\n<p>[\/vc_column_text][\/vc_column][vc_column width=&#8221;2\/3&#8243; css=&#8221;.vc_custom_1650966270579{padding-right: 35px !important;padding-left: 35px !important;background-position: center !important;background-repeat: no-repeat !important;background-size: cover !important;}&#8221;][vc_column_text]<\/p>\n<h3><span style=\"color: #ffffff;\">26 DE JULIO<\/span><\/h3>\n<p>[\/vc_column_text][vc_column_text]<span style=\"color: #ffffff;\"><span style=\"font-weight: 400;\">Tambi\u00e9n nos acompa\u00f1ar\u00e1n desde Catalu\u00f1a <\/span><span style=\"color: #000000;\"><a style=\"color: #000000;\" href=\"https:\/\/gregotechno.com\"><span style=\"font-weight: 400;\"><strong>Gregotechno<\/strong><\/span><\/a><\/span><span style=\"font-weight: 400;\">, un proyecto que mezcla canto gregoriano con m\u00fasica electr\u00f3nica en un espect\u00e1culo hipn\u00f3tico e inmersivo, en el que la m\u00fasica interact\u00faa con im\u00e1genes de videoarte microc\u00f3smico. Su propuesta enreda la recuperaci\u00f3n del repertorio gregoriano con la ciencia, mostrando seres microsc\u00f3picos en sus visuales, que nos llevar\u00e1n a trascender desde lo m\u00e1s peque\u00f1o a lo m\u00e1s grande<\/span><\/span>[\/vc_column_text][\/vc_column][\/vc_row][vc_row full_width=&#8221;stretch_row_content_no_spaces&#8221; css=&#8221;.vc_custom_1749825475893{margin-bottom: -50px !important;}&#8221;][vc_column][vc_video link=&#8221;https:\/\/youtu.be\/5Vhx3OF6-uw&#8221;][\/vc_column][\/vc_row][\/vc_section]<\/p>\n","protected":false},"excerpt":{"rendered":"<p>[vc_section css=&#8221;.vc_custom_1677147314940{background-color: #000000 !important;}&#8221;][vc_row full_width=&#8221;stretch_row_content_no_spaces&#8221; css=&#8221;.vc_custom_1677147395521{margin-top: -50px !important;}&#8221;][vc_column width=&#8221;1\/3&#8243;][vc_single_image image=&#8221;8987&#8243; img_size=&#8221;full&#8221; onclick=&#8221;custom_link&#8221; link=&#8221;#ferla&#8221; css=&#8221;.vc_custom_1749809706280{margin-bottom: 0px !important;}&#8221;][\/vc_column][vc_column width=&#8221;1\/3&#8243;][vc_single_image image=&#8221;8985&#8243; img_size=&#8221;full&#8221; onclick=&#8221;custom_link&#8221; link=&#8221;#cocanha&#8221; css=&#8221;.vc_custom_1749809770125{margin-bottom: 0px !important;}&#8221;][\/vc_column][vc_column width=&#8221;1\/3&#8243;][vc_single_image image=&#8221;8989&#8243; img_size=&#8221;full&#8221; onclick=&#8221;custom_link&#8221; link=&#8221;#grego&#8221; css=&#8221;.vc_custom_1749809782419{margin-bottom: 0px !important;}&#8221;][\/vc_column][\/vc_row][\/vc_section][vc_section full_width=&#8221;stretch_row&#8221; css=&#8221;.vc_custom_1749807682678{margin-bottom: -52px !important;padding-top: 3em !important;padding-bottom: 0px !important;background-color: #000000 !important;}&#8221; el_id=&#8221;ferla&#8221;][vc_row equal_height=&#8221;yes&#8221; css=&#8221;.vc_custom_1650989156972{padding-bottom: 0em !important;background-position: center !important;background-repeat: no-repeat !important;background-size: cover !important;}&#8221;][vc_column width=&#8221;1\/3&#8243; css=&#8221;.vc_custom_1650966099569{padding-right: [&hellip;]<\/p>\n","protected":false},"author":1,"featured_media":0,"parent":0,"menu_order":0,"comment_status":"closed","ping_status":"closed","template":"","meta":{"footnotes":""},"yoast_head":"<!-- This site is optimized with the Yoast SEO plugin v21.8 - https:\/\/yoast.com\/wordpress\/plugins\/seo\/ -->\n<title>Una Se\u00f1ora Fiesta | Artistas<\/title>\n<meta name=\"description\" content=\"Festival art\u00edstico en un entorno rural, Vegarrionda, Pilo\u00f1a (Asturies). Lugar de encuentro para las artes y las propuestas musicales.\" \/>\n<meta name=\"robots\" content=\"index, follow, max-snippet:-1, max-image-preview:large, max-video-preview:-1\" \/>\n<link rel=\"canonical\" href=\"https:\/\/unasenorafiesta.org\/es\/artistas-2\/\" \/>\n<meta property=\"og:locale\" content=\"es_ES\" \/>\n<meta property=\"og:type\" content=\"article\" \/>\n<meta property=\"og:title\" content=\"Una Se\u00f1ora Fiesta | Artistas\" \/>\n<meta property=\"og:description\" content=\"Festival art\u00edstico en un entorno rural, Vegarrionda, Pilo\u00f1a (Asturies). Lugar de encuentro para las artes y las propuestas musicales.\" \/>\n<meta property=\"og:url\" content=\"https:\/\/unasenorafiesta.org\/es\/artistas-2\/\" \/>\n<meta property=\"og:site_name\" content=\"Una Se\u00f1ora Fiesta\" \/>\n<meta property=\"article:modified_time\" content=\"2025-06-13T16:51:51+00:00\" \/>\n<meta property=\"og:image\" content=\"https:\/\/unasenorafiesta.org\/wp-content\/uploads\/2025\/06\/USF25-PORTADA.jpg\" \/>\n\t<meta property=\"og:image:width\" content=\"1500\" \/>\n\t<meta property=\"og:image:height\" content=\"555\" \/>\n\t<meta property=\"og:image:type\" content=\"image\/jpeg\" \/>\n<meta name=\"twitter:card\" content=\"summary_large_image\" \/>\n<meta name=\"twitter:label1\" content=\"Tiempo de lectura\" \/>\n\t<meta name=\"twitter:data1\" content=\"5 minutos\" \/>\n<script type=\"application\/ld+json\" class=\"yoast-schema-graph\">{\"@context\":\"https:\/\/schema.org\",\"@graph\":[{\"@type\":\"WebPage\",\"@id\":\"https:\/\/unasenorafiesta.org\/es\/artistas-2\/\",\"url\":\"https:\/\/unasenorafiesta.org\/es\/artistas-2\/\",\"name\":\"Una Se\u00f1ora Fiesta | Artistas\",\"isPartOf\":{\"@id\":\"https:\/\/unasenorafiesta.org\/es\/#website\"},\"datePublished\":\"2025-06-13T09:29:24+00:00\",\"dateModified\":\"2025-06-13T16:51:51+00:00\",\"description\":\"Festival art\u00edstico en un entorno rural, Vegarrionda, Pilo\u00f1a (Asturies). Lugar de encuentro para las artes y las propuestas musicales.\",\"breadcrumb\":{\"@id\":\"https:\/\/unasenorafiesta.org\/es\/artistas-2\/#breadcrumb\"},\"inLanguage\":\"es\",\"potentialAction\":[{\"@type\":\"ReadAction\",\"target\":[\"https:\/\/unasenorafiesta.org\/es\/artistas-2\/\"]}]},{\"@type\":\"BreadcrumbList\",\"@id\":\"https:\/\/unasenorafiesta.org\/es\/artistas-2\/#breadcrumb\",\"itemListElement\":[{\"@type\":\"ListItem\",\"position\":1,\"name\":\"Portada\",\"item\":\"https:\/\/unasenorafiesta.org\/es\/\"},{\"@type\":\"ListItem\",\"position\":2,\"name\":\"Artistas\"}]},{\"@type\":\"WebSite\",\"@id\":\"https:\/\/unasenorafiesta.org\/es\/#website\",\"url\":\"https:\/\/unasenorafiesta.org\/es\/\",\"name\":\"Una Se\u00f1ora Fiesta\",\"description\":\"Festival art\u00edstico en un entorno rural\",\"potentialAction\":[{\"@type\":\"SearchAction\",\"target\":{\"@type\":\"EntryPoint\",\"urlTemplate\":\"https:\/\/unasenorafiesta.org\/es\/?s={search_term_string}\"},\"query-input\":\"required name=search_term_string\"}],\"inLanguage\":\"es\"}]}<\/script>\n<!-- \/ Yoast SEO plugin. -->","yoast_head_json":{"title":"Una Se\u00f1ora Fiesta | Artistas","description":"Festival art\u00edstico en un entorno rural, Vegarrionda, Pilo\u00f1a (Asturies). Lugar de encuentro para las artes y las propuestas musicales.","robots":{"index":"index","follow":"follow","max-snippet":"max-snippet:-1","max-image-preview":"max-image-preview:large","max-video-preview":"max-video-preview:-1"},"canonical":"https:\/\/unasenorafiesta.org\/es\/artistas-2\/","og_locale":"es_ES","og_type":"article","og_title":"Una Se\u00f1ora Fiesta | Artistas","og_description":"Festival art\u00edstico en un entorno rural, Vegarrionda, Pilo\u00f1a (Asturies). Lugar de encuentro para las artes y las propuestas musicales.","og_url":"https:\/\/unasenorafiesta.org\/es\/artistas-2\/","og_site_name":"Una Se\u00f1ora Fiesta","article_modified_time":"2025-06-13T16:51:51+00:00","og_image":[{"width":1500,"height":555,"url":"https:\/\/unasenorafiesta.org\/wp-content\/uploads\/2025\/06\/USF25-PORTADA.jpg","type":"image\/jpeg"}],"twitter_card":"summary_large_image","twitter_misc":{"Tiempo de lectura":"5 minutos"},"schema":{"@context":"https:\/\/schema.org","@graph":[{"@type":"WebPage","@id":"https:\/\/unasenorafiesta.org\/es\/artistas-2\/","url":"https:\/\/unasenorafiesta.org\/es\/artistas-2\/","name":"Una Se\u00f1ora Fiesta | Artistas","isPartOf":{"@id":"https:\/\/unasenorafiesta.org\/es\/#website"},"datePublished":"2025-06-13T09:29:24+00:00","dateModified":"2025-06-13T16:51:51+00:00","description":"Festival art\u00edstico en un entorno rural, Vegarrionda, Pilo\u00f1a (Asturies). Lugar de encuentro para las artes y las propuestas musicales.","breadcrumb":{"@id":"https:\/\/unasenorafiesta.org\/es\/artistas-2\/#breadcrumb"},"inLanguage":"es","potentialAction":[{"@type":"ReadAction","target":["https:\/\/unasenorafiesta.org\/es\/artistas-2\/"]}]},{"@type":"BreadcrumbList","@id":"https:\/\/unasenorafiesta.org\/es\/artistas-2\/#breadcrumb","itemListElement":[{"@type":"ListItem","position":1,"name":"Portada","item":"https:\/\/unasenorafiesta.org\/es\/"},{"@type":"ListItem","position":2,"name":"Artistas"}]},{"@type":"WebSite","@id":"https:\/\/unasenorafiesta.org\/es\/#website","url":"https:\/\/unasenorafiesta.org\/es\/","name":"Una Se\u00f1ora Fiesta","description":"Festival art\u00edstico en un entorno rural","potentialAction":[{"@type":"SearchAction","target":{"@type":"EntryPoint","urlTemplate":"https:\/\/unasenorafiesta.org\/es\/?s={search_term_string}"},"query-input":"required name=search_term_string"}],"inLanguage":"es"}]}},"jetpack_sharing_enabled":true,"_links":{"self":[{"href":"https:\/\/unasenorafiesta.org\/es\/wp-json\/wp\/v2\/pages\/8964"}],"collection":[{"href":"https:\/\/unasenorafiesta.org\/es\/wp-json\/wp\/v2\/pages"}],"about":[{"href":"https:\/\/unasenorafiesta.org\/es\/wp-json\/wp\/v2\/types\/page"}],"author":[{"embeddable":true,"href":"https:\/\/unasenorafiesta.org\/es\/wp-json\/wp\/v2\/users\/1"}],"replies":[{"embeddable":true,"href":"https:\/\/unasenorafiesta.org\/es\/wp-json\/wp\/v2\/comments?post=8964"}],"version-history":[{"count":8,"href":"https:\/\/unasenorafiesta.org\/es\/wp-json\/wp\/v2\/pages\/8964\/revisions"}],"predecessor-version":[{"id":9085,"href":"https:\/\/unasenorafiesta.org\/es\/wp-json\/wp\/v2\/pages\/8964\/revisions\/9085"}],"wp:attachment":[{"href":"https:\/\/unasenorafiesta.org\/es\/wp-json\/wp\/v2\/media?parent=8964"}],"curies":[{"name":"wp","href":"https:\/\/api.w.org\/{rel}","templated":true}]}}