{"id":8945,"date":"2025-06-13T06:36:54","date_gmt":"2025-06-13T06:36:54","guid":{"rendered":"https:\/\/unasenorafiesta.org\/?page_id=8945"},"modified":"2025-06-13T16:53:12","modified_gmt":"2025-06-13T16:53:12","slug":"usf-25","status":"publish","type":"page","link":"https:\/\/unasenorafiesta.org\/es\/usf-25\/","title":{"rendered":"USF 25"},"content":{"rendered":"<p>[vc_section css=&#8221;.vc_custom_1749831520186{margin-top: -250px !important;padding-top: 5px !important;}&#8221;][vc_row css=&#8221;.vc_custom_1749825047632{margin-top: 120px !important;}&#8221;][vc_column offset=&#8221;vc_hidden-sm vc_hidden-xs&#8221;][vc_single_image image=&#8221;8955&#8243; img_size=&#8221;full&#8221; alignment=&#8221;center&#8221;][\/vc_column][\/vc_row][vc_row][vc_column offset=&#8221;vc_hidden-lg vc_hidden-md&#8221;][vc_single_image image=&#8221;8951&#8243; img_size=&#8221;full&#8221;][vc_single_image image=&#8221;8953&#8243; img_size=&#8221;full&#8221;][\/vc_column][\/vc_row][vc_row][vc_column width=&#8221;1\/3&#8243; offset=&#8221;vc_hidden-sm vc_hidden-xs&#8221;][vc_column_text]<\/p>\n<h2 style=\"text-align: right;\"><span style=\"color: #f23a2c;\"><span style=\"color: #f23a2c;\">Una<\/span><br \/>\n<\/span><span style=\"color: #f23a2c;\">Se\u00f1ora<\/span><br \/>\n<span style=\"color: #f23a2c;\">Fiesta<\/span><\/h2>\n<h3 style=\"text-align: right;\"><span style=\"color: #f23a2c;\">Un festival<\/span><br \/>\n<span style=\"color: #f23a2c;\">art\u00edstico en un<\/span><br \/>\n<span style=\"color: #f23a2c;\">entorno rural.<\/span><\/h3>\n<p>[\/vc_column_text][\/vc_column][vc_column width=&#8221;2\/3&#8243; offset=&#8221;vc_hidden-sm vc_hidden-xs&#8221;][vc_column_text]<\/p>\n<div dir=\"auto\">\n<p><strong>Una Se\u00f1ora Fiesta<\/strong><span style=\"font-weight: 400;\"> est\u00e1 muy viva, y por eso regresa este verano con un nuevo formato. Este a\u00f1o se presenta en tres jornadas (del viernes 25 al domingo 27 de julio) que celebran la tradici\u00f3n oral, la m\u00fasica para todos los p\u00fablicos y las propuestas que sirven de encuentro gozoso y muestra de lo que se puede lograr en comunidad. <\/span><\/p>\n<p><span style=\"font-weight: 400;\">El primer acto ser\u00e1 en Vegarrionda y se llamar\u00e1 Filand\u00f3n: un encuentro \u00edntimo de palabras, canto y tradici\u00f3n al calor del llagar.<br \/>\nAires! ser\u00e1 la jornada musical, con conciertos durante todo el d\u00eda en el edificio de La Ben\u00e9fica, y cerraremos el fin de semana con la Romer\u00eda, de nuevo en Vegarrionda, una fiesta colectiva de alegr\u00eda, baile y juegos.<\/span><\/p>\n<p><span style=\"font-weight: 400;\">Para nosotras, la inclusi\u00f3n es importante, con la implicaci\u00f3n de la comunidad tan ecl\u00e9ctica de Pilo\u00f1a y una programaci\u00f3n pensada para un p\u00fablico lo m\u00e1s amplio posible; para compartir y disfrutar de la vida en el pueblo, todas y todos juntos.<\/span><\/p>\n<p><span style=\"font-weight: 400;\"><br \/>\nQueremos avisaros de que este a\u00f1o no contaremos con zona de acampada para los tres d\u00edas, ya que cada actividad est\u00e1 concebida por separado y en diferentes partes del Concejo de Pilo\u00f1a. Queremos proponer, como siempre, una alternativa de ocio que promueva el cuidado del entorno y del paisaje, as\u00ed como eventos culturales que no nos lleven a consumir un lugar hasta agotarlo. Esto nos parece incompatible con una zona de acampada en un prao durante tres d\u00edas. <\/span><\/p>\n<\/div>\n<p>[\/vc_column_text][\/vc_column][\/vc_row][vc_row][vc_column width=&#8221;1\/3&#8243; offset=&#8221;vc_hidden-lg vc_hidden-md&#8221;][vc_column_text]<\/p>\n<h2 style=\"text-align: center;\"><span style=\"color: #f23a2c;\"><span style=\"color: #f23a2c;\">Una<br \/>\n<\/span><\/span><span style=\"color: #f23a2c;\">Se\u00f1ora<\/span><br \/>\n<span style=\"color: #f23a2c;\">Fiesta<\/span><\/h2>\n<h3 style=\"text-align: center;\"><span style=\"color: #f23a2c;\">Un festival<br \/>\nart\u00edsticu nuna<br \/>\nredolada rural.<\/span><\/h3>\n<p>[\/vc_column_text][\/vc_column][vc_column width=&#8221;2\/3&#8243; offset=&#8221;vc_hidden-lg vc_hidden-md&#8221;][vc_column_text]<\/p>\n<div dir=\"auto\">\n<p><strong>Una Se\u00f1ora Fiesta<\/strong><span style=\"font-weight: 400;\"> est\u00e1 muy viva, y por eso regresa este verano con un nuevo formato. Este a\u00f1o se presenta en tres jornadas (del viernes 25 al domingo 27 de julio) que celebran la tradici\u00f3n oral, la m\u00fasica para todos los p\u00fablicos y las propuestas que sirven de encuentro gozoso y muestra de lo que se puede lograr en comunidad. <\/span><\/p>\n<p><span style=\"font-weight: 400;\">El primer acto ser\u00e1 en Vegarrionda y se llamar\u00e1 Filand\u00f3n: un encuentro \u00edntimo de palabras, canto y tradici\u00f3n al calor del llagar.<br \/>\nAires! ser\u00e1 la jornada musical, con conciertos durante todo el d\u00eda en el edificio de La Ben\u00e9fica, y cerraremos el fin de semana con la Romer\u00eda, de nuevo en Vegarrionda, una fiesta colectiva de alegr\u00eda, baile y juegos.<\/span><\/p>\n<p><span style=\"font-weight: 400;\">Para nosotras, la inclusi\u00f3n es importante, con la implicaci\u00f3n de la comunidad tan ecl\u00e9ctica de Pilo\u00f1a y una programaci\u00f3n pensada para un p\u00fablico lo m\u00e1s amplio posible; para compartir y disfrutar de la vida en el pueblo, todas y todos juntos.<\/span><\/p>\n<p><span style=\"font-weight: 400;\"><br \/>\nQueremos avisaros de que este a\u00f1o no contaremos con zona de acampada para los tres d\u00edas, ya que cada actividad est\u00e1 concebida por separado y en diferentes partes del Concejo de Pilo\u00f1a. Queremos proponer, como siempre, una alternativa de ocio que promueva el cuidado del entorno y del paisaje, as\u00ed como eventos culturales que no nos lleven a consumir un lugar hasta agotarlo. Esto nos parece incompatible con una zona de acampada en un prao durante tres d\u00edas. <\/span><\/p>\n<\/div>\n<p>[\/vc_column_text][\/vc_column][\/vc_row][vc_row gap=&#8221;25&#8243; css=&#8221;.vc_custom_1749829916507{padding-top: 3em !important;}&#8221;][vc_column css=&#8221;.vc_custom_1749797322268{background-color: #f23a2c !important;}&#8221;][vc_column_text]<\/p>\n<h2 style=\"text-align: center;\"><a href=\"https:\/\/unasenorafiesta.org\/es\/programacion-usf25\/\"><span style=\"color: #ffffff;\">PROGRAMA<\/span><\/a><\/h2>\n<p>[\/vc_column_text][\/vc_column][\/vc_row][vc_row gap=&#8221;25&#8243; css=&#8221;.vc_custom_1749830024657{padding-bottom: 8em !important;}&#8221;][vc_column css=&#8221;.vc_custom_1749830002277{background-color: #00bfff !important;}&#8221;][vc_column_text]<\/p>\n<h2 style=\"text-align: center;\"><a href=\"https:\/\/unasenorafiesta.org\/es\/artistas-2\/\"><span style=\"color: #ffffff;\">ARTISTAS<\/span><\/a><\/h2>\n<p>[\/vc_column_text][\/vc_column][\/vc_row][\/vc_section]<\/p>\n","protected":false},"excerpt":{"rendered":"<p>[vc_section css=&#8221;.vc_custom_1749831520186{margin-top: -250px !important;padding-top: 5px !important;}&#8221;][vc_row css=&#8221;.vc_custom_1749825047632{margin-top: 120px !important;}&#8221;][vc_column offset=&#8221;vc_hidden-sm vc_hidden-xs&#8221;][vc_single_image image=&#8221;8955&#8243; img_size=&#8221;full&#8221; alignment=&#8221;center&#8221;][\/vc_column][\/vc_row][vc_row][vc_column offset=&#8221;vc_hidden-lg vc_hidden-md&#8221;][vc_single_image image=&#8221;8951&#8243; img_size=&#8221;full&#8221;][vc_single_image image=&#8221;8953&#8243; img_size=&#8221;full&#8221;][\/vc_column][\/vc_row][vc_row][vc_column width=&#8221;1\/3&#8243; offset=&#8221;vc_hidden-sm vc_hidden-xs&#8221;][vc_column_text] Una Se\u00f1ora Fiesta Un festival art\u00edstico en un entorno rural. [\/vc_column_text][\/vc_column][vc_column width=&#8221;2\/3&#8243; offset=&#8221;vc_hidden-sm vc_hidden-xs&#8221;][vc_column_text] Una Se\u00f1ora Fiesta est\u00e1 muy viva, y por eso regresa este verano con un nuevo formato. Este a\u00f1o [&hellip;]<\/p>\n","protected":false},"author":1,"featured_media":0,"parent":0,"menu_order":0,"comment_status":"closed","ping_status":"closed","template":"","meta":{"footnotes":""},"yoast_head":"<!-- This site is optimized with the Yoast SEO plugin v21.8 - https:\/\/yoast.com\/wordpress\/plugins\/seo\/ -->\n<title>Una Se\u00f1ora Fiesta | USF 25<\/title>\n<meta name=\"description\" content=\"Festival art\u00edstico en un entorno rural, Vegarrionda, Pilo\u00f1a (Asturies). Lugar de encuentro para las artes y las propuestas musicales.\" \/>\n<meta name=\"robots\" content=\"index, follow, max-snippet:-1, max-image-preview:large, max-video-preview:-1\" \/>\n<link rel=\"canonical\" href=\"https:\/\/unasenorafiesta.org\/es\/usf-25\/\" \/>\n<meta property=\"og:locale\" content=\"es_ES\" \/>\n<meta property=\"og:type\" content=\"article\" \/>\n<meta property=\"og:title\" content=\"Una Se\u00f1ora Fiesta | USF 25\" \/>\n<meta property=\"og:description\" content=\"Festival art\u00edstico en un entorno rural, Vegarrionda, Pilo\u00f1a (Asturies). Lugar de encuentro para las artes y las propuestas musicales.\" \/>\n<meta property=\"og:url\" content=\"https:\/\/unasenorafiesta.org\/es\/usf-25\/\" \/>\n<meta property=\"og:site_name\" content=\"Una Se\u00f1ora Fiesta\" \/>\n<meta property=\"article:modified_time\" content=\"2025-06-13T16:53:12+00:00\" \/>\n<meta property=\"og:image\" content=\"https:\/\/unasenorafiesta.org\/wp-content\/uploads\/2025\/06\/USF25-PORTADA.jpg\" \/>\n\t<meta property=\"og:image:width\" content=\"1500\" \/>\n\t<meta property=\"og:image:height\" content=\"555\" \/>\n\t<meta property=\"og:image:type\" content=\"image\/jpeg\" \/>\n<meta name=\"twitter:card\" content=\"summary_large_image\" \/>\n<meta name=\"twitter:label1\" content=\"Tiempo de lectura\" \/>\n\t<meta name=\"twitter:data1\" content=\"4 minutos\" \/>\n<script type=\"application\/ld+json\" class=\"yoast-schema-graph\">{\"@context\":\"https:\/\/schema.org\",\"@graph\":[{\"@type\":\"WebPage\",\"@id\":\"https:\/\/unasenorafiesta.org\/es\/usf-25\/\",\"url\":\"https:\/\/unasenorafiesta.org\/es\/usf-25\/\",\"name\":\"Una Se\u00f1ora Fiesta | USF 25\",\"isPartOf\":{\"@id\":\"https:\/\/unasenorafiesta.org\/es\/#website\"},\"datePublished\":\"2025-06-13T06:36:54+00:00\",\"dateModified\":\"2025-06-13T16:53:12+00:00\",\"description\":\"Festival art\u00edstico en un entorno rural, Vegarrionda, Pilo\u00f1a (Asturies). Lugar de encuentro para las artes y las propuestas musicales.\",\"breadcrumb\":{\"@id\":\"https:\/\/unasenorafiesta.org\/es\/usf-25\/#breadcrumb\"},\"inLanguage\":\"es\",\"potentialAction\":[{\"@type\":\"ReadAction\",\"target\":[\"https:\/\/unasenorafiesta.org\/es\/usf-25\/\"]}]},{\"@type\":\"BreadcrumbList\",\"@id\":\"https:\/\/unasenorafiesta.org\/es\/usf-25\/#breadcrumb\",\"itemListElement\":[{\"@type\":\"ListItem\",\"position\":1,\"name\":\"Portada\",\"item\":\"https:\/\/unasenorafiesta.org\/es\/\"},{\"@type\":\"ListItem\",\"position\":2,\"name\":\"USF 25\"}]},{\"@type\":\"WebSite\",\"@id\":\"https:\/\/unasenorafiesta.org\/es\/#website\",\"url\":\"https:\/\/unasenorafiesta.org\/es\/\",\"name\":\"Una Se\u00f1ora Fiesta\",\"description\":\"Festival art\u00edstico en un entorno rural\",\"potentialAction\":[{\"@type\":\"SearchAction\",\"target\":{\"@type\":\"EntryPoint\",\"urlTemplate\":\"https:\/\/unasenorafiesta.org\/es\/?s={search_term_string}\"},\"query-input\":\"required name=search_term_string\"}],\"inLanguage\":\"es\"}]}<\/script>\n<!-- \/ Yoast SEO plugin. -->","yoast_head_json":{"title":"Una Se\u00f1ora Fiesta | USF 25","description":"Festival art\u00edstico en un entorno rural, Vegarrionda, Pilo\u00f1a (Asturies). Lugar de encuentro para las artes y las propuestas musicales.","robots":{"index":"index","follow":"follow","max-snippet":"max-snippet:-1","max-image-preview":"max-image-preview:large","max-video-preview":"max-video-preview:-1"},"canonical":"https:\/\/unasenorafiesta.org\/es\/usf-25\/","og_locale":"es_ES","og_type":"article","og_title":"Una Se\u00f1ora Fiesta | USF 25","og_description":"Festival art\u00edstico en un entorno rural, Vegarrionda, Pilo\u00f1a (Asturies). Lugar de encuentro para las artes y las propuestas musicales.","og_url":"https:\/\/unasenorafiesta.org\/es\/usf-25\/","og_site_name":"Una Se\u00f1ora Fiesta","article_modified_time":"2025-06-13T16:53:12+00:00","og_image":[{"width":1500,"height":555,"url":"https:\/\/unasenorafiesta.org\/wp-content\/uploads\/2025\/06\/USF25-PORTADA.jpg","type":"image\/jpeg"}],"twitter_card":"summary_large_image","twitter_misc":{"Tiempo de lectura":"4 minutos"},"schema":{"@context":"https:\/\/schema.org","@graph":[{"@type":"WebPage","@id":"https:\/\/unasenorafiesta.org\/es\/usf-25\/","url":"https:\/\/unasenorafiesta.org\/es\/usf-25\/","name":"Una Se\u00f1ora Fiesta | USF 25","isPartOf":{"@id":"https:\/\/unasenorafiesta.org\/es\/#website"},"datePublished":"2025-06-13T06:36:54+00:00","dateModified":"2025-06-13T16:53:12+00:00","description":"Festival art\u00edstico en un entorno rural, Vegarrionda, Pilo\u00f1a (Asturies). Lugar de encuentro para las artes y las propuestas musicales.","breadcrumb":{"@id":"https:\/\/unasenorafiesta.org\/es\/usf-25\/#breadcrumb"},"inLanguage":"es","potentialAction":[{"@type":"ReadAction","target":["https:\/\/unasenorafiesta.org\/es\/usf-25\/"]}]},{"@type":"BreadcrumbList","@id":"https:\/\/unasenorafiesta.org\/es\/usf-25\/#breadcrumb","itemListElement":[{"@type":"ListItem","position":1,"name":"Portada","item":"https:\/\/unasenorafiesta.org\/es\/"},{"@type":"ListItem","position":2,"name":"USF 25"}]},{"@type":"WebSite","@id":"https:\/\/unasenorafiesta.org\/es\/#website","url":"https:\/\/unasenorafiesta.org\/es\/","name":"Una Se\u00f1ora Fiesta","description":"Festival art\u00edstico en un entorno rural","potentialAction":[{"@type":"SearchAction","target":{"@type":"EntryPoint","urlTemplate":"https:\/\/unasenorafiesta.org\/es\/?s={search_term_string}"},"query-input":"required name=search_term_string"}],"inLanguage":"es"}]}},"jetpack_sharing_enabled":true,"_links":{"self":[{"href":"https:\/\/unasenorafiesta.org\/es\/wp-json\/wp\/v2\/pages\/8945"}],"collection":[{"href":"https:\/\/unasenorafiesta.org\/es\/wp-json\/wp\/v2\/pages"}],"about":[{"href":"https:\/\/unasenorafiesta.org\/es\/wp-json\/wp\/v2\/types\/page"}],"author":[{"embeddable":true,"href":"https:\/\/unasenorafiesta.org\/es\/wp-json\/wp\/v2\/users\/1"}],"replies":[{"embeddable":true,"href":"https:\/\/unasenorafiesta.org\/es\/wp-json\/wp\/v2\/comments?post=8945"}],"version-history":[{"count":8,"href":"https:\/\/unasenorafiesta.org\/es\/wp-json\/wp\/v2\/pages\/8945\/revisions"}],"predecessor-version":[{"id":9086,"href":"https:\/\/unasenorafiesta.org\/es\/wp-json\/wp\/v2\/pages\/8945\/revisions\/9086"}],"wp:attachment":[{"href":"https:\/\/unasenorafiesta.org\/es\/wp-json\/wp\/v2\/media?parent=8945"}],"curies":[{"name":"wp","href":"https:\/\/api.w.org\/{rel}","templated":true}]}}